{"id":30967,"date":"2022-02-21T15:18:20","date_gmt":"2022-02-21T15:18:20","guid":{"rendered":"https:\/\/www.migrantech.org\/?post_type=lp_course&#038;p=10134"},"modified":"2022-12-08T09:54:44","modified_gmt":"2022-12-08T09:54:44","slug":"le-telephone","status":"publish","type":"lp_course","link":"https:\/\/www.migrantech.org\/fr\/courses\/le-telephone\/","title":{"rendered":"Utiliser son smartphone en contexte professionnel"},"content":{"rendered":"<p><img fetchpriority=\"high\" decoding=\"async\" class=\"size-medium wp-image-21591 aligncenter\" src=\"https:\/\/www.migrantech.org\/wp-content\/uploads\/2022\/02\/young-muslim-woman-wearing-scarf-veil-on-urban-city-street-at-night-texting-on-smartphone-with-bok-scaled-600x400.jpg\" alt=\"\" width=\"600\" height=\"400\" \/><\/p>\n<p style=\"text-align: justify;\"><strong>UTILISER SON T\u00c9L\u00c9PHONE PORTABLE DANS LE CADRE PROFESSIONNEL \/ OPTIMISER SON UTILISATION DANS LA RECHERCHE D\u2019EMPLOI, LA VIE PROFESSIONNELLE ET LES RELATIONS PROFESSIONNELLES<\/strong><\/p>\n<p style=\"text-align: justify;\"><strong>\u00a0<\/strong><\/p>\n<p style=\"text-align: justify;\"><strong><u>DESCRIPTION\/PR\u00c9SENTATION:<\/u><\/strong> Ce module aura pour but de d\u00e9crire toutes les fonctionnalit\u00e9s utiles de votre t\u00e9l\u00e9phone, qui vous permettront de mieux comprendre, int\u00e9grer et vous adapter au monde du travail.<\/p>\n<p style=\"text-align: justify;\"><strong>\u00a0<\/strong><\/p>\n<p style=\"text-align: justify;\"><strong><u>OBJECTIFS D\u2019APPRENTISSAGE:<\/u><\/strong><\/p>\n<ul style=\"text-align: justify;\">\n<li>Ma\u00eetriser les applications et les outils de votre t\u00e9l\u00e9phone<\/li>\n<li>Comprendre comment optimiser son temps et son organisation gr\u00e2ce aux outils de votre t\u00e9l\u00e9phone<\/li>\n<li>Utiliser votre t\u00e9l\u00e9phone pour pr\u00e9parer un entretien d\u2019embauche<\/li>\n<li>Utiliser votre t\u00e9l\u00e9phone pour mieux communiquer dans le contexte professionnel<\/li>\n<li>Utiliser votre t\u00e9l\u00e9phone pour interagir avec vos coll\u00e8gues<\/li>\n<li>Apprendre \u00e0 utiliser les outils num\u00e9riques de votre t\u00e9l\u00e9phone, dans le but de s\u2019en affranchir avec le temps<\/li>\n<\/ul>\n<p style=\"text-align: justify;\"><strong><u>DUR\u00c9E:<\/u><\/strong> 3 heures<\/p>\n<p>&nbsp;<\/p>\n<p style=\"text-align: justify;\"><strong><u>CONTENU ET OUTILS DE DEVELOPPEMENT:\u00a0 <\/u><\/strong><\/p>\n<p style=\"text-align: justify;\"><strong>SECTION 1:\u00a0 <\/strong>Ma\u00eetriser les outils de base de votre t\u00e9l\u00e9phone portable li\u00e9s \u00e0 la communication (appels, sms, bo\u00eete vocale &amp; gmail).<\/p>\n<p style=\"text-align: justify;\"><strong>SECTION 2: <\/strong>Ma\u00eetriser les outils de base de votre t\u00e9l\u00e9phone portable li\u00e9s \u00e0 l\u2019organisation (r\u00e9veil, notes, agenda &amp; googlemaps).<\/p>\n<p style=\"text-align: justify;\"><strong>SECTION 3\u00a0: <\/strong>T\u00e9l\u00e9charger et utiliser les applications utiles \u00e0 votre insertion et vie professionnelle (whatsapp, traducteur, application d\u2019apprentissage de la langue, Camscanner, etc).<\/p>\n<p style=\"text-align: justify;\"><strong>SECTION 4\u00a0: <\/strong>Mise en pratique: Comment pr\u00e9parer son entretien d\u2019embauche \u00e0 l\u2019aide des applications de son t\u00e9l\u00e9phone portable? Quelques astuces.<\/p>\n<p><img decoding=\"async\" class=\"size-medium wp-image-21594 aligncenter\" src=\"https:\/\/www.migrantech.org\/wp-content\/uploads\/2022\/02\/empty-glowing-screen-with-person-holding-mobile-phone-scaled-600x400.jpg\" alt=\"\" width=\"600\" height=\"400\" \/><\/p>\n<p style=\"text-align: center;\"><strong>Ce module a \u00e9t\u00e9 cr\u00e9\u00e9 par l&rsquo;AMSED.<\/strong><\/p>\n<p style=\"text-align: center;\"><img decoding=\"async\" class=\"alignnone size-full wp-image-21924\" src=\"https:\/\/www.migrantech.org\/wp-content\/uploads\/2022\/02\/logo-amsed-transparant-2.png\" alt=\"\" width=\"200\" height=\"89\" \/><\/p>\n","protected":false},"excerpt":{"rendered":"<p>UTILISER SON T\u00c9L\u00c9PHONE PORTABLE DANS LE CADRE PROFESSIONNEL \/ OPTIMISER SON UTILISATION DANS LA RECHERCHE D\u2019EMPLOI, LA VIE PROFESSIONNELLE ET LES RELATIONS PROFESSIONNELLES \u00a0 DESCRIPTION\/PR\u00c9SENTATION: Ce module aura pour but de d\u00e9crire toutes les fonctionnalit\u00e9s utiles de votre t\u00e9l\u00e9phone, qui &hellip; <\/p>\n","protected":false},"author":27,"featured_media":30968,"comment_status":"closed","ping_status":"closed","template":"","course_category":[60],"course_tag":[],"class_list":["post-30967","lp_course","type-lp_course","status-publish","has-post-thumbnail","hentry","course_category-competences-numeriques","course"],"_links":{"self":[{"href":"https:\/\/www.migrantech.org\/fr\/wp-json\/wp\/v2\/lp_course\/30967","targetHints":{"allow":["GET"]}}],"collection":[{"href":"https:\/\/www.migrantech.org\/fr\/wp-json\/wp\/v2\/lp_course"}],"about":[{"href":"https:\/\/www.migrantech.org\/fr\/wp-json\/wp\/v2\/types\/lp_course"}],"author":[{"embeddable":true,"href":"https:\/\/www.migrantech.org\/fr\/wp-json\/wp\/v2\/users\/27"}],"replies":[{"embeddable":true,"href":"https:\/\/www.migrantech.org\/fr\/wp-json\/wp\/v2\/comments?post=30967"}],"version-history":[{"count":2,"href":"https:\/\/www.migrantech.org\/fr\/wp-json\/wp\/v2\/lp_course\/30967\/revisions"}],"predecessor-version":[{"id":34239,"href":"https:\/\/www.migrantech.org\/fr\/wp-json\/wp\/v2\/lp_course\/30967\/revisions\/34239"}],"wp:featuredmedia":[{"embeddable":true,"href":"https:\/\/www.migrantech.org\/fr\/wp-json\/wp\/v2\/media\/30968"}],"wp:attachment":[{"href":"https:\/\/www.migrantech.org\/fr\/wp-json\/wp\/v2\/media?parent=30967"}],"wp:term":[{"taxonomy":"course_category","embeddable":true,"href":"https:\/\/www.migrantech.org\/fr\/wp-json\/wp\/v2\/course_category?post=30967"},{"taxonomy":"course_tag","embeddable":true,"href":"https:\/\/www.migrantech.org\/fr\/wp-json\/wp\/v2\/course_tag?post=30967"}],"curies":[{"name":"wp","href":"https:\/\/api.w.org\/{rel}","templated":true}]}}